{"id":2562,"date":"2016-02-02T21:09:03","date_gmt":"2016-02-02T20:09:03","guid":{"rendered":"http:\/\/new.grandchamp.org\/de\/project\/ouvrir-la-porte-a-lesprit\/"},"modified":"2016-03-01T11:46:00","modified_gmt":"2016-03-01T10:46:00","slug":"ouvrir-la-porte-a-lesprit","status":"publish","type":"project","link":"https:\/\/www.grandchamp.org\/de\/project\/ouvrir-la-porte-a-lesprit\/","title":{"rendered":"Simone Pacot\u00a0: Ouvrir la porte \u00e0 l&#8217;Esprit"},"content":{"rendered":"<p>[et_pb_section admin_label=&#8220;section&#8220; fullwidth=&#8220;off&#8220; specialty=&#8220;off&#8220; inner_shadow=&#8220;off&#8220; parallax=&#8220;off&#8220; transparent_background=&#8220;off&#8220; allow_player_pause=&#8220;off&#8220; parallax_method=&#8220;off&#8220; padding_mobile=&#8220;off&#8220; make_fullwidth=&#8220;off&#8220; use_custom_width=&#8220;off&#8220; width_unit=&#8220;on&#8220; make_equal=&#8220;off&#8220; use_custom_gutter=&#8220;off&#8220;][et_pb_row admin_label=&#8220;Ligne&#8220;][et_pb_column type=&#8220;4_4&#8243;][et_pb_cta admin_label=&#8220;Appel d&#8217;action&#8220; global_module=&#8220;779&#8243; saved_tabs=&#8220;advanced,css&#8220; header_font=&#8220;|on|||&#8220; header_text_color=&#8220;#ffffff&#8220; body_line_height=&#8220;1em&#8220; use_border_color=&#8220;off&#8220; border_color=&#8220;#ffffff&#8220; border_style=&#8220;solid&#8220; custom_padding=&#8220;||10px|&#8220; custom_button=&#8220;off&#8220; button_letter_spacing=&#8220;0&#8243; button_use_icon=&#8220;default&#8220; button_icon_placement=&#8220;right&#8220; button_on_hover=&#8220;on&#8220; button_letter_spacing_hover=&#8220;0&#8243; title=&#8220;Nos publications&#8220; url_new_window=&#8220;off&#8220; use_background_color=&#8220;on&#8220; background_color=&#8220;#4f91cd&#8220; background_layout=&#8220;dark&#8220; text_orientation=&#8220;left&#8220;]<\/p>\n<p>Fran\u00e7ais &#8211; Franz\u00f6sisch &#8211; French &#8211; Frans<\/p>\n<p>[\/et_pb_cta][\/et_pb_column][\/et_pb_row][et_pb_row admin_label=&#8220;Ligne&#8220;][et_pb_column type=&#8220;1_3&#8243;][et_pb_image admin_label=&#8220;Image&#8220; src=&#8220;http:\/\/www.grandchamp.org\/wp-content\/uploads\/2016\/02\/simone-pacot-ouvrir-la-porte-.jpg&#8220; url_new_window=&#8220;off&#8220; animation=&#8220;off&#8220; show_in_lightbox=&#8220;off&#8220; use_overlay=&#8220;off&#8220; sticky=&#8220;off&#8220; align=&#8220;right&#8220; force_fullwidth=&#8220;off&#8220; always_center_on_mobile=&#8220;on&#8220; use_border_color=&#8220;off&#8220; border_color=&#8220;#ffffff&#8220; border_style=&#8220;solid&#8220;] [\/et_pb_image][\/et_pb_column][et_pb_column type=&#8220;2_3&#8243;][et_pb_blurb admin_label=&#8220;Description&#8220; title=&#8220;Ouvrir la porte \u00e0 l&#8217;Esprit&#8220; url_new_window=&#8220;off&#8220; use_icon=&#8220;off&#8220; font_icon=&#8220;\ue00c&#8220; icon_color=&#8220;#ffffff&#8220; use_circle=&#8220;off&#8220; circle_color=&#8220;#2caaca&#8220; use_circle_border=&#8220;off&#8220; circle_border_color=&#8220;#2caaca&#8220; icon_placement=&#8220;left&#8220; animation=&#8220;off&#8220; background_layout=&#8220;light&#8220; text_orientation=&#8220;left&#8220; use_icon_font_size=&#8220;off&#8220; use_border_color=&#8220;off&#8220; border_color=&#8220;#ffffff&#8220; border_style=&#8220;solid&#8220;]<\/p>\n<p>Simone Pacot<br \/>\nSimone Pacot poursuit sa qu\u00eate d\u2019une vie chr\u00e9tienne qui, dans une humanit\u00e9 toujours \u00e9prouv\u00e9e et parfois bless\u00e9e, laisse la place en profondeur \u00e0 l\u2019Esprit qui fait toutes choses nouvelles.<br \/>\n424 pages<br \/>\nEditions du Cerf 2008<br \/>\nCHF 36.70<\/p>\n<p>[\/et_pb_blurb][\/et_pb_column][\/et_pb_row][\/et_pb_section]<\/p>\n","protected":false},"excerpt":{"rendered":"<p>Fran\u00e7ais &#8211; Franz\u00f6sisch &#8211; French &#8211; Frans Simone Pacot Simone Pacot poursuit sa qu\u00eate d\u2019une vie chr\u00e9tienne qui, dans une humanit\u00e9 toujours \u00e9prouv\u00e9e et parfois bless\u00e9e, laisse la place en profondeur \u00e0 l\u2019Esprit qui fait toutes choses nouvelles. 424 pages Editions du Cerf 2008 CHF 36.70<\/p>\n","protected":false},"author":1,"featured_media":3089,"comment_status":"open","ping_status":"closed","template":"","meta":{"_et_pb_use_builder":"on","_et_pb_old_content":"","_et_gb_content_width":"","jetpack_post_was_ever_published":false,"footnotes":""},"project_category":[61],"project_tag":[],"class_list":["post-2562","project","type-project","status-publish","has-post-thumbnail","hentry","project_category-pacot-de"],"yoast_head":"<!-- This site is optimized with the Yoast SEO plugin v27.1.1 - https:\/\/yoast.com\/product\/yoast-seo-wordpress\/ -->\n<title>Simone Pacot\u00a0: Ouvrir la porte \u00e0 l&#039;Esprit | Communaut\u00e9 de Grandchamp<\/title>\n<meta name=\"robots\" content=\"index, follow, max-snippet:-1, max-image-preview:large, max-video-preview:-1\" \/>\n<link rel=\"canonical\" href=\"https:\/\/www.grandchamp.org\/de\/project\/ouvrir-la-porte-a-lesprit\/\" \/>\n<meta property=\"og:locale\" content=\"de_DE\" \/>\n<meta property=\"og:type\" content=\"article\" \/>\n<meta property=\"og:title\" content=\"Simone Pacot\u00a0: Ouvrir la porte \u00e0 l&#039;Esprit | Communaut\u00e9 de Grandchamp\" \/>\n<meta property=\"og:description\" content=\"Fran\u00e7ais - Franz\u00f6sisch - French - Frans Simone Pacot Simone Pacot poursuit sa qu\u00eate d\u2019une vie chr\u00e9tienne qui, dans une humanit\u00e9 toujours \u00e9prouv\u00e9e et parfois bless\u00e9e, laisse la place en profondeur \u00e0 l\u2019Esprit qui fait toutes choses nouvelles. 424 pages Editions du Cerf 2008 CHF 36.70\" \/>\n<meta property=\"og:url\" content=\"https:\/\/www.grandchamp.org\/de\/project\/ouvrir-la-porte-a-lesprit\/\" \/>\n<meta property=\"og:site_name\" content=\"Communaut\u00e9 de Grandchamp\" \/>\n<meta property=\"article:publisher\" content=\"https:\/\/www.facebook.com\/communautedegrandchamp\/\" \/>\n<meta property=\"article:modified_time\" content=\"2016-03-01T10:46:00+00:00\" \/>\n<meta property=\"og:image\" content=\"https:\/\/i0.wp.com\/www.grandchamp.org\/wp-content\/uploads\/2016\/02\/simone-pacot-ouvrir-la-porte-400.jpg?fit=400%2C284&ssl=1\" \/>\n\t<meta property=\"og:image:width\" content=\"400\" \/>\n\t<meta property=\"og:image:height\" content=\"284\" \/>\n\t<meta property=\"og:image:type\" content=\"image\/jpeg\" \/>\n<meta name=\"twitter:card\" content=\"summary_large_image\" \/>\n<meta name=\"twitter:label1\" content=\"Gesch\u00e4tzte Lesezeit\" \/>\n\t<meta name=\"twitter:data1\" content=\"2\u00a0Minuten\" \/>\n<script type=\"application\/ld+json\" class=\"yoast-schema-graph\">{\"@context\":\"https:\/\/schema.org\",\"@graph\":[{\"@type\":\"WebPage\",\"@id\":\"https:\/\/www.grandchamp.org\/de\/project\/ouvrir-la-porte-a-lesprit\/\",\"url\":\"https:\/\/www.grandchamp.org\/de\/project\/ouvrir-la-porte-a-lesprit\/\",\"name\":\"Simone Pacot\u00a0: Ouvrir la porte \u00e0 l'Esprit | Communaut\u00e9 de Grandchamp\",\"isPartOf\":{\"@id\":\"https:\/\/www.grandchamp.org\/#website\"},\"primaryImageOfPage\":{\"@id\":\"https:\/\/www.grandchamp.org\/de\/project\/ouvrir-la-porte-a-lesprit\/#primaryimage\"},\"image\":{\"@id\":\"https:\/\/www.grandchamp.org\/de\/project\/ouvrir-la-porte-a-lesprit\/#primaryimage\"},\"thumbnailUrl\":\"https:\/\/i0.wp.com\/www.grandchamp.org\/wp-content\/uploads\/2016\/02\/simone-pacot-ouvrir-la-porte-400.jpg?fit=400%2C284&ssl=1\",\"datePublished\":\"2016-02-02T20:09:03+00:00\",\"dateModified\":\"2016-03-01T10:46:00+00:00\",\"breadcrumb\":{\"@id\":\"https:\/\/www.grandchamp.org\/de\/project\/ouvrir-la-porte-a-lesprit\/#breadcrumb\"},\"inLanguage\":\"de\",\"potentialAction\":[{\"@type\":\"ReadAction\",\"target\":[\"https:\/\/www.grandchamp.org\/de\/project\/ouvrir-la-porte-a-lesprit\/\"]}]},{\"@type\":\"ImageObject\",\"inLanguage\":\"de\",\"@id\":\"https:\/\/www.grandchamp.org\/de\/project\/ouvrir-la-porte-a-lesprit\/#primaryimage\",\"url\":\"https:\/\/i0.wp.com\/www.grandchamp.org\/wp-content\/uploads\/2016\/02\/simone-pacot-ouvrir-la-porte-400.jpg?fit=400%2C284&ssl=1\",\"contentUrl\":\"https:\/\/i0.wp.com\/www.grandchamp.org\/wp-content\/uploads\/2016\/02\/simone-pacot-ouvrir-la-porte-400.jpg?fit=400%2C284&ssl=1\",\"width\":400,\"height\":284},{\"@type\":\"BreadcrumbList\",\"@id\":\"https:\/\/www.grandchamp.org\/de\/project\/ouvrir-la-porte-a-lesprit\/#breadcrumb\",\"itemListElement\":[{\"@type\":\"ListItem\",\"position\":1,\"name\":\"Home\",\"item\":\"https:\/\/www.grandchamp.org\/\"},{\"@type\":\"ListItem\",\"position\":2,\"name\":\"Projets\",\"item\":\"https:\/\/www.grandchamp.org\/project\/\"},{\"@type\":\"ListItem\",\"position\":3,\"name\":\"Simone Pacot\u00a0: Ouvrir la porte \u00e0 l&#8217;Esprit\"}]},{\"@type\":\"WebSite\",\"@id\":\"https:\/\/www.grandchamp.org\/#website\",\"url\":\"https:\/\/www.grandchamp.org\/\",\"name\":\"Communaut\u00e9 de Grandchamp\",\"description\":\"Site de la Communaut\u00e9 de Grandchamp \u00e0 Areuse, Suisse\",\"publisher\":{\"@id\":\"https:\/\/www.grandchamp.org\/#organization\"},\"potentialAction\":[{\"@type\":\"SearchAction\",\"target\":{\"@type\":\"EntryPoint\",\"urlTemplate\":\"https:\/\/www.grandchamp.org\/?s={search_term_string}\"},\"query-input\":{\"@type\":\"PropertyValueSpecification\",\"valueRequired\":true,\"valueName\":\"search_term_string\"}}],\"inLanguage\":\"de\"},{\"@type\":\"Organization\",\"@id\":\"https:\/\/www.grandchamp.org\/#organization\",\"name\":\"Communaut\u00e9 de Grandchamp\",\"url\":\"https:\/\/www.grandchamp.org\/\",\"logo\":{\"@type\":\"ImageObject\",\"inLanguage\":\"de\",\"@id\":\"https:\/\/www.grandchamp.org\/#\/schema\/logo\/image\/\",\"url\":\"https:\/\/i0.wp.com\/www.grandchamp.org\/wp-content\/uploads\/2015\/12\/Communaute\u0301_Grandchamp_logodef_QUADRI.jpg?fit=2105%2C1152&ssl=1\",\"contentUrl\":\"https:\/\/i0.wp.com\/www.grandchamp.org\/wp-content\/uploads\/2015\/12\/Communaute\u0301_Grandchamp_logodef_QUADRI.jpg?fit=2105%2C1152&ssl=1\",\"width\":2105,\"height\":1152,\"caption\":\"Communaut\u00e9 de Grandchamp\"},\"image\":{\"@id\":\"https:\/\/www.grandchamp.org\/#\/schema\/logo\/image\/\"},\"sameAs\":[\"https:\/\/www.facebook.com\/communautedegrandchamp\/\"]}]}<\/script>\n<!-- \/ Yoast SEO plugin. -->","yoast_head_json":{"title":"Simone Pacot\u00a0: Ouvrir la porte \u00e0 l'Esprit | Communaut\u00e9 de Grandchamp","robots":{"index":"index","follow":"follow","max-snippet":"max-snippet:-1","max-image-preview":"max-image-preview:large","max-video-preview":"max-video-preview:-1"},"canonical":"https:\/\/www.grandchamp.org\/de\/project\/ouvrir-la-porte-a-lesprit\/","og_locale":"de_DE","og_type":"article","og_title":"Simone Pacot\u00a0: Ouvrir la porte \u00e0 l'Esprit | Communaut\u00e9 de Grandchamp","og_description":"Fran\u00e7ais - Franz\u00f6sisch - French - Frans Simone Pacot Simone Pacot poursuit sa qu\u00eate d\u2019une vie chr\u00e9tienne qui, dans une humanit\u00e9 toujours \u00e9prouv\u00e9e et parfois bless\u00e9e, laisse la place en profondeur \u00e0 l\u2019Esprit qui fait toutes choses nouvelles. 424 pages Editions du Cerf 2008 CHF 36.70","og_url":"https:\/\/www.grandchamp.org\/de\/project\/ouvrir-la-porte-a-lesprit\/","og_site_name":"Communaut\u00e9 de Grandchamp","article_publisher":"https:\/\/www.facebook.com\/communautedegrandchamp\/","article_modified_time":"2016-03-01T10:46:00+00:00","og_image":[{"width":400,"height":284,"url":"https:\/\/i0.wp.com\/www.grandchamp.org\/wp-content\/uploads\/2016\/02\/simone-pacot-ouvrir-la-porte-400.jpg?fit=400%2C284&ssl=1","type":"image\/jpeg"}],"twitter_card":"summary_large_image","twitter_misc":{"Gesch\u00e4tzte Lesezeit":"2\u00a0Minuten"},"schema":{"@context":"https:\/\/schema.org","@graph":[{"@type":"WebPage","@id":"https:\/\/www.grandchamp.org\/de\/project\/ouvrir-la-porte-a-lesprit\/","url":"https:\/\/www.grandchamp.org\/de\/project\/ouvrir-la-porte-a-lesprit\/","name":"Simone Pacot\u00a0: Ouvrir la porte \u00e0 l'Esprit | Communaut\u00e9 de Grandchamp","isPartOf":{"@id":"https:\/\/www.grandchamp.org\/#website"},"primaryImageOfPage":{"@id":"https:\/\/www.grandchamp.org\/de\/project\/ouvrir-la-porte-a-lesprit\/#primaryimage"},"image":{"@id":"https:\/\/www.grandchamp.org\/de\/project\/ouvrir-la-porte-a-lesprit\/#primaryimage"},"thumbnailUrl":"https:\/\/i0.wp.com\/www.grandchamp.org\/wp-content\/uploads\/2016\/02\/simone-pacot-ouvrir-la-porte-400.jpg?fit=400%2C284&ssl=1","datePublished":"2016-02-02T20:09:03+00:00","dateModified":"2016-03-01T10:46:00+00:00","breadcrumb":{"@id":"https:\/\/www.grandchamp.org\/de\/project\/ouvrir-la-porte-a-lesprit\/#breadcrumb"},"inLanguage":"de","potentialAction":[{"@type":"ReadAction","target":["https:\/\/www.grandchamp.org\/de\/project\/ouvrir-la-porte-a-lesprit\/"]}]},{"@type":"ImageObject","inLanguage":"de","@id":"https:\/\/www.grandchamp.org\/de\/project\/ouvrir-la-porte-a-lesprit\/#primaryimage","url":"https:\/\/i0.wp.com\/www.grandchamp.org\/wp-content\/uploads\/2016\/02\/simone-pacot-ouvrir-la-porte-400.jpg?fit=400%2C284&ssl=1","contentUrl":"https:\/\/i0.wp.com\/www.grandchamp.org\/wp-content\/uploads\/2016\/02\/simone-pacot-ouvrir-la-porte-400.jpg?fit=400%2C284&ssl=1","width":400,"height":284},{"@type":"BreadcrumbList","@id":"https:\/\/www.grandchamp.org\/de\/project\/ouvrir-la-porte-a-lesprit\/#breadcrumb","itemListElement":[{"@type":"ListItem","position":1,"name":"Home","item":"https:\/\/www.grandchamp.org\/"},{"@type":"ListItem","position":2,"name":"Projets","item":"https:\/\/www.grandchamp.org\/project\/"},{"@type":"ListItem","position":3,"name":"Simone Pacot\u00a0: Ouvrir la porte \u00e0 l&#8217;Esprit"}]},{"@type":"WebSite","@id":"https:\/\/www.grandchamp.org\/#website","url":"https:\/\/www.grandchamp.org\/","name":"Communaut\u00e9 de Grandchamp","description":"Site de la Communaut\u00e9 de Grandchamp \u00e0 Areuse, Suisse","publisher":{"@id":"https:\/\/www.grandchamp.org\/#organization"},"potentialAction":[{"@type":"SearchAction","target":{"@type":"EntryPoint","urlTemplate":"https:\/\/www.grandchamp.org\/?s={search_term_string}"},"query-input":{"@type":"PropertyValueSpecification","valueRequired":true,"valueName":"search_term_string"}}],"inLanguage":"de"},{"@type":"Organization","@id":"https:\/\/www.grandchamp.org\/#organization","name":"Communaut\u00e9 de Grandchamp","url":"https:\/\/www.grandchamp.org\/","logo":{"@type":"ImageObject","inLanguage":"de","@id":"https:\/\/www.grandchamp.org\/#\/schema\/logo\/image\/","url":"https:\/\/i0.wp.com\/www.grandchamp.org\/wp-content\/uploads\/2015\/12\/Communaute\u0301_Grandchamp_logodef_QUADRI.jpg?fit=2105%2C1152&ssl=1","contentUrl":"https:\/\/i0.wp.com\/www.grandchamp.org\/wp-content\/uploads\/2015\/12\/Communaute\u0301_Grandchamp_logodef_QUADRI.jpg?fit=2105%2C1152&ssl=1","width":2105,"height":1152,"caption":"Communaut\u00e9 de Grandchamp"},"image":{"@id":"https:\/\/www.grandchamp.org\/#\/schema\/logo\/image\/"},"sameAs":["https:\/\/www.facebook.com\/communautedegrandchamp\/"]}]}},"jetpack_sharing_enabled":true,"_links":{"self":[{"href":"https:\/\/www.grandchamp.org\/de\/wp-json\/wp\/v2\/project\/2562","targetHints":{"allow":["GET"]}}],"collection":[{"href":"https:\/\/www.grandchamp.org\/de\/wp-json\/wp\/v2\/project"}],"about":[{"href":"https:\/\/www.grandchamp.org\/de\/wp-json\/wp\/v2\/types\/project"}],"author":[{"embeddable":true,"href":"https:\/\/www.grandchamp.org\/de\/wp-json\/wp\/v2\/users\/1"}],"replies":[{"embeddable":true,"href":"https:\/\/www.grandchamp.org\/de\/wp-json\/wp\/v2\/comments?post=2562"}],"version-history":[{"count":1,"href":"https:\/\/www.grandchamp.org\/de\/wp-json\/wp\/v2\/project\/2562\/revisions"}],"predecessor-version":[{"id":3796,"href":"https:\/\/www.grandchamp.org\/de\/wp-json\/wp\/v2\/project\/2562\/revisions\/3796"}],"wp:featuredmedia":[{"embeddable":true,"href":"https:\/\/www.grandchamp.org\/de\/wp-json\/wp\/v2\/media\/3089"}],"wp:attachment":[{"href":"https:\/\/www.grandchamp.org\/de\/wp-json\/wp\/v2\/media?parent=2562"}],"wp:term":[{"taxonomy":"project_category","embeddable":true,"href":"https:\/\/www.grandchamp.org\/de\/wp-json\/wp\/v2\/project_category?post=2562"},{"taxonomy":"project_tag","embeddable":true,"href":"https:\/\/www.grandchamp.org\/de\/wp-json\/wp\/v2\/project_tag?post=2562"}],"curies":[{"name":"wp","href":"https:\/\/api.w.org\/{rel}","templated":true}]}}