{"id":2533,"date":"2016-02-02T17:29:57","date_gmt":"2016-02-02T16:29:57","guid":{"rendered":"http:\/\/new.grandchamp.org\/nl\/project\/le-visage-maternel-de-dieu\/"},"modified":"2016-03-01T11:44:16","modified_gmt":"2016-03-01T10:44:16","slug":"le-visage-maternel-de-dieu","status":"publish","type":"project","link":"https:\/\/www.grandchamp.org\/nl\/project\/le-visage-maternel-de-dieu\/","title":{"rendered":"Christianne M\u00e9roz\u00a0: Le visage maternel de Dieu"},"content":{"rendered":"<p>[et_pb_section admin_label=&#8221;section&#8221; fullwidth=&#8221;off&#8221; specialty=&#8221;off&#8221; inner_shadow=&#8221;off&#8221; parallax=&#8221;off&#8221; transparent_background=&#8221;off&#8221; allow_player_pause=&#8221;off&#8221; parallax_method=&#8221;off&#8221; padding_mobile=&#8221;off&#8221; make_fullwidth=&#8221;off&#8221; use_custom_width=&#8221;off&#8221; width_unit=&#8221;on&#8221; make_equal=&#8221;off&#8221; use_custom_gutter=&#8221;off&#8221;][et_pb_row admin_label=&#8221;Ligne&#8221;][et_pb_column type=&#8221;4_4&#8243;][et_pb_cta admin_label=&#8221;Appel d&#8217;action&#8221; global_module=&#8221;779&#8243; saved_tabs=&#8221;advanced,css&#8221; header_font=&#8221;|on|||&#8221; header_text_color=&#8221;#ffffff&#8221; body_line_height=&#8221;1em&#8221; use_border_color=&#8221;off&#8221; border_color=&#8221;#ffffff&#8221; border_style=&#8221;solid&#8221; custom_padding=&#8221;||10px|&#8221; custom_button=&#8221;off&#8221; button_letter_spacing=&#8221;0&#8243; button_use_icon=&#8221;default&#8221; button_icon_placement=&#8221;right&#8221; button_on_hover=&#8221;on&#8221; button_letter_spacing_hover=&#8221;0&#8243; title=&#8221;Nos publications&#8221; url_new_window=&#8221;off&#8221; use_background_color=&#8221;on&#8221; background_color=&#8221;#4f91cd&#8221; background_layout=&#8221;dark&#8221; text_orientation=&#8221;left&#8221;]<\/p>\n<p>Fran\u00e7ais &#8211; Franz\u00f6sisch &#8211; French &#8211; Frans<\/p>\n<p>[\/et_pb_cta][\/et_pb_column][\/et_pb_row][et_pb_row admin_label=&#8221;Ligne&#8221;][et_pb_column type=&#8221;1_3&#8243;][et_pb_image admin_label=&#8221;Image&#8221; src=&#8221;http:\/\/www.grandchamp.org\/wp-content\/uploads\/2016\/02\/christianne-visage-maternel-de-Dieu.jpg&#8221; url_new_window=&#8221;off&#8221; animation=&#8221;off&#8221; show_in_lightbox=&#8221;off&#8221; use_overlay=&#8221;off&#8221; sticky=&#8221;off&#8221; align=&#8221;right&#8221; force_fullwidth=&#8221;off&#8221; always_center_on_mobile=&#8221;on&#8221; use_border_color=&#8221;off&#8221; border_color=&#8221;#ffffff&#8221; border_style=&#8221;solid&#8221;] [\/et_pb_image][\/et_pb_column][et_pb_column type=&#8221;2_3&#8243;][et_pb_blurb admin_label=&#8221;Description&#8221; title=&#8221;Le visage maternel de Dieu&#8221; url_new_window=&#8221;off&#8221; use_icon=&#8221;off&#8221; font_icon=&#8221;\ue00c&#8221; icon_color=&#8221;#ffffff&#8221; use_circle=&#8221;off&#8221; circle_color=&#8221;#2caaca&#8221; use_circle_border=&#8221;off&#8221; circle_border_color=&#8221;#2caaca&#8221; icon_placement=&#8221;left&#8221; animation=&#8221;off&#8221; background_layout=&#8221;light&#8221; text_orientation=&#8221;left&#8221; use_icon_font_size=&#8221;off&#8221; use_border_color=&#8221;off&#8221; border_color=&#8221;#ffffff&#8221; border_style=&#8221;solid&#8221;]<\/p>\n<p>Christianne M\u00e9roz<br \/>\nA la d\u00e9couverte plus vraie de moi-m\u00eame s\u2019est jointe une d\u00e9couverte plus authentique de Dieu, p\u00e8re et m\u00e8re, et de l\u2019autre comme un autre semblable. La compassion donne de reconna\u00eetre non seulement que Dieu est Dieu, mais que nous sommes tous des \u00eatres bless\u00e9s par la vie et promis \u00e0 une m\u00eame esp\u00e9rance.<br \/>\n126 pages<br \/>\nEditions Ouverture 1989<br \/>\nCHF \u00a023.50<\/p>\n<p>[\/et_pb_blurb][\/et_pb_column][\/et_pb_row][\/et_pb_section]<\/p>\n","protected":false},"excerpt":{"rendered":"<p>Fran\u00e7ais &#8211; Franz\u00f6sisch &#8211; French &#8211; Frans Christianne M\u00e9roz A la d\u00e9couverte plus vraie de moi-m\u00eame s\u2019est jointe une d\u00e9couverte plus authentique de Dieu, p\u00e8re et m\u00e8re, et de l\u2019autre comme un autre semblable. La compassion donne de reconna\u00eetre non seulement que Dieu est Dieu, mais que nous sommes tous des \u00eatres bless\u00e9s par la [&hellip;]<\/p>\n","protected":false},"author":1,"featured_media":3147,"comment_status":"open","ping_status":"closed","template":"","meta":{"_et_pb_use_builder":"on","_et_pb_old_content":"","_et_gb_content_width":"","jetpack_post_was_ever_published":false,"footnotes":""},"project_category":[56],"project_tag":[],"class_list":["post-2533","project","type-project","status-publish","has-post-thumbnail","hentry","project_category-epuisees-nl"],"yoast_head":"<!-- This site is optimized with the Yoast SEO plugin v27.1.1 - https:\/\/yoast.com\/product\/yoast-seo-wordpress\/ -->\n<title>Christianne M\u00e9roz\u00a0: Le visage maternel de Dieu | Communaut\u00e9 de Grandchamp<\/title>\n<meta name=\"robots\" content=\"index, follow, max-snippet:-1, max-image-preview:large, max-video-preview:-1\" \/>\n<link rel=\"canonical\" href=\"https:\/\/www.grandchamp.org\/nl\/project\/le-visage-maternel-de-dieu\/\" \/>\n<meta property=\"og:locale\" content=\"nl_NL\" \/>\n<meta property=\"og:type\" content=\"article\" \/>\n<meta property=\"og:title\" content=\"Christianne M\u00e9roz\u00a0: Le visage maternel de Dieu | Communaut\u00e9 de Grandchamp\" \/>\n<meta property=\"og:description\" content=\"Fran\u00e7ais - Franz\u00f6sisch - French - Frans Christianne M\u00e9roz A la d\u00e9couverte plus vraie de moi-m\u00eame s\u2019est jointe une d\u00e9couverte plus authentique de Dieu, p\u00e8re et m\u00e8re, et de l\u2019autre comme un autre semblable. La compassion donne de reconna\u00eetre non seulement que Dieu est Dieu, mais que nous sommes tous des \u00eatres bless\u00e9s par la [&hellip;]\" \/>\n<meta property=\"og:url\" content=\"https:\/\/www.grandchamp.org\/nl\/project\/le-visage-maternel-de-dieu\/\" \/>\n<meta property=\"og:site_name\" content=\"Communaut\u00e9 de Grandchamp\" \/>\n<meta property=\"article:publisher\" content=\"https:\/\/www.facebook.com\/communautedegrandchamp\/\" \/>\n<meta property=\"article:modified_time\" content=\"2016-03-01T10:44:16+00:00\" \/>\n<meta property=\"og:image\" content=\"https:\/\/i0.wp.com\/www.grandchamp.org\/wp-content\/uploads\/2016\/02\/christianne-visage-maternel-de-Dieu-400.jpg?fit=400%2C284&ssl=1\" \/>\n\t<meta property=\"og:image:width\" content=\"400\" \/>\n\t<meta property=\"og:image:height\" content=\"284\" \/>\n\t<meta property=\"og:image:type\" content=\"image\/jpeg\" \/>\n<meta name=\"twitter:card\" content=\"summary_large_image\" \/>\n<meta name=\"twitter:label1\" content=\"Geschatte leestijd\" \/>\n\t<meta name=\"twitter:data1\" content=\"2 minuten\" \/>\n<script type=\"application\/ld+json\" class=\"yoast-schema-graph\">{\"@context\":\"https:\/\/schema.org\",\"@graph\":[{\"@type\":\"WebPage\",\"@id\":\"https:\/\/www.grandchamp.org\/nl\/project\/le-visage-maternel-de-dieu\/\",\"url\":\"https:\/\/www.grandchamp.org\/nl\/project\/le-visage-maternel-de-dieu\/\",\"name\":\"Christianne M\u00e9roz\u00a0: Le visage maternel de Dieu | Communaut\u00e9 de Grandchamp\",\"isPartOf\":{\"@id\":\"https:\/\/www.grandchamp.org\/#website\"},\"primaryImageOfPage\":{\"@id\":\"https:\/\/www.grandchamp.org\/nl\/project\/le-visage-maternel-de-dieu\/#primaryimage\"},\"image\":{\"@id\":\"https:\/\/www.grandchamp.org\/nl\/project\/le-visage-maternel-de-dieu\/#primaryimage\"},\"thumbnailUrl\":\"https:\/\/i0.wp.com\/www.grandchamp.org\/wp-content\/uploads\/2016\/02\/christianne-visage-maternel-de-Dieu-400.jpg?fit=400%2C284&ssl=1\",\"datePublished\":\"2016-02-02T16:29:57+00:00\",\"dateModified\":\"2016-03-01T10:44:16+00:00\",\"breadcrumb\":{\"@id\":\"https:\/\/www.grandchamp.org\/nl\/project\/le-visage-maternel-de-dieu\/#breadcrumb\"},\"inLanguage\":\"nl-NL\",\"potentialAction\":[{\"@type\":\"ReadAction\",\"target\":[\"https:\/\/www.grandchamp.org\/nl\/project\/le-visage-maternel-de-dieu\/\"]}]},{\"@type\":\"ImageObject\",\"inLanguage\":\"nl-NL\",\"@id\":\"https:\/\/www.grandchamp.org\/nl\/project\/le-visage-maternel-de-dieu\/#primaryimage\",\"url\":\"https:\/\/i0.wp.com\/www.grandchamp.org\/wp-content\/uploads\/2016\/02\/christianne-visage-maternel-de-Dieu-400.jpg?fit=400%2C284&ssl=1\",\"contentUrl\":\"https:\/\/i0.wp.com\/www.grandchamp.org\/wp-content\/uploads\/2016\/02\/christianne-visage-maternel-de-Dieu-400.jpg?fit=400%2C284&ssl=1\",\"width\":400,\"height\":284},{\"@type\":\"BreadcrumbList\",\"@id\":\"https:\/\/www.grandchamp.org\/nl\/project\/le-visage-maternel-de-dieu\/#breadcrumb\",\"itemListElement\":[{\"@type\":\"ListItem\",\"position\":1,\"name\":\"Home\",\"item\":\"https:\/\/www.grandchamp.org\/\"},{\"@type\":\"ListItem\",\"position\":2,\"name\":\"Projets\",\"item\":\"https:\/\/www.grandchamp.org\/project\/\"},{\"@type\":\"ListItem\",\"position\":3,\"name\":\"Christianne M\u00e9roz\u00a0: Le visage maternel de Dieu\"}]},{\"@type\":\"WebSite\",\"@id\":\"https:\/\/www.grandchamp.org\/#website\",\"url\":\"https:\/\/www.grandchamp.org\/\",\"name\":\"Communaut\u00e9 de Grandchamp\",\"description\":\"Site de la Communaut\u00e9 de Grandchamp \u00e0 Areuse, Suisse\",\"publisher\":{\"@id\":\"https:\/\/www.grandchamp.org\/#organization\"},\"potentialAction\":[{\"@type\":\"SearchAction\",\"target\":{\"@type\":\"EntryPoint\",\"urlTemplate\":\"https:\/\/www.grandchamp.org\/?s={search_term_string}\"},\"query-input\":{\"@type\":\"PropertyValueSpecification\",\"valueRequired\":true,\"valueName\":\"search_term_string\"}}],\"inLanguage\":\"nl-NL\"},{\"@type\":\"Organization\",\"@id\":\"https:\/\/www.grandchamp.org\/#organization\",\"name\":\"Communaut\u00e9 de Grandchamp\",\"url\":\"https:\/\/www.grandchamp.org\/\",\"logo\":{\"@type\":\"ImageObject\",\"inLanguage\":\"nl-NL\",\"@id\":\"https:\/\/www.grandchamp.org\/#\/schema\/logo\/image\/\",\"url\":\"https:\/\/i0.wp.com\/www.grandchamp.org\/wp-content\/uploads\/2015\/12\/Communaute\u0301_Grandchamp_logodef_QUADRI.jpg?fit=2105%2C1152&ssl=1\",\"contentUrl\":\"https:\/\/i0.wp.com\/www.grandchamp.org\/wp-content\/uploads\/2015\/12\/Communaute\u0301_Grandchamp_logodef_QUADRI.jpg?fit=2105%2C1152&ssl=1\",\"width\":2105,\"height\":1152,\"caption\":\"Communaut\u00e9 de Grandchamp\"},\"image\":{\"@id\":\"https:\/\/www.grandchamp.org\/#\/schema\/logo\/image\/\"},\"sameAs\":[\"https:\/\/www.facebook.com\/communautedegrandchamp\/\"]}]}<\/script>\n<!-- \/ Yoast SEO plugin. -->","yoast_head_json":{"title":"Christianne M\u00e9roz\u00a0: Le visage maternel de Dieu | Communaut\u00e9 de Grandchamp","robots":{"index":"index","follow":"follow","max-snippet":"max-snippet:-1","max-image-preview":"max-image-preview:large","max-video-preview":"max-video-preview:-1"},"canonical":"https:\/\/www.grandchamp.org\/nl\/project\/le-visage-maternel-de-dieu\/","og_locale":"nl_NL","og_type":"article","og_title":"Christianne M\u00e9roz\u00a0: Le visage maternel de Dieu | Communaut\u00e9 de Grandchamp","og_description":"Fran\u00e7ais - Franz\u00f6sisch - French - Frans Christianne M\u00e9roz A la d\u00e9couverte plus vraie de moi-m\u00eame s\u2019est jointe une d\u00e9couverte plus authentique de Dieu, p\u00e8re et m\u00e8re, et de l\u2019autre comme un autre semblable. La compassion donne de reconna\u00eetre non seulement que Dieu est Dieu, mais que nous sommes tous des \u00eatres bless\u00e9s par la [&hellip;]","og_url":"https:\/\/www.grandchamp.org\/nl\/project\/le-visage-maternel-de-dieu\/","og_site_name":"Communaut\u00e9 de Grandchamp","article_publisher":"https:\/\/www.facebook.com\/communautedegrandchamp\/","article_modified_time":"2016-03-01T10:44:16+00:00","og_image":[{"width":400,"height":284,"url":"https:\/\/i0.wp.com\/www.grandchamp.org\/wp-content\/uploads\/2016\/02\/christianne-visage-maternel-de-Dieu-400.jpg?fit=400%2C284&ssl=1","type":"image\/jpeg"}],"twitter_card":"summary_large_image","twitter_misc":{"Geschatte leestijd":"2 minuten"},"schema":{"@context":"https:\/\/schema.org","@graph":[{"@type":"WebPage","@id":"https:\/\/www.grandchamp.org\/nl\/project\/le-visage-maternel-de-dieu\/","url":"https:\/\/www.grandchamp.org\/nl\/project\/le-visage-maternel-de-dieu\/","name":"Christianne M\u00e9roz\u00a0: Le visage maternel de Dieu | Communaut\u00e9 de Grandchamp","isPartOf":{"@id":"https:\/\/www.grandchamp.org\/#website"},"primaryImageOfPage":{"@id":"https:\/\/www.grandchamp.org\/nl\/project\/le-visage-maternel-de-dieu\/#primaryimage"},"image":{"@id":"https:\/\/www.grandchamp.org\/nl\/project\/le-visage-maternel-de-dieu\/#primaryimage"},"thumbnailUrl":"https:\/\/i0.wp.com\/www.grandchamp.org\/wp-content\/uploads\/2016\/02\/christianne-visage-maternel-de-Dieu-400.jpg?fit=400%2C284&ssl=1","datePublished":"2016-02-02T16:29:57+00:00","dateModified":"2016-03-01T10:44:16+00:00","breadcrumb":{"@id":"https:\/\/www.grandchamp.org\/nl\/project\/le-visage-maternel-de-dieu\/#breadcrumb"},"inLanguage":"nl-NL","potentialAction":[{"@type":"ReadAction","target":["https:\/\/www.grandchamp.org\/nl\/project\/le-visage-maternel-de-dieu\/"]}]},{"@type":"ImageObject","inLanguage":"nl-NL","@id":"https:\/\/www.grandchamp.org\/nl\/project\/le-visage-maternel-de-dieu\/#primaryimage","url":"https:\/\/i0.wp.com\/www.grandchamp.org\/wp-content\/uploads\/2016\/02\/christianne-visage-maternel-de-Dieu-400.jpg?fit=400%2C284&ssl=1","contentUrl":"https:\/\/i0.wp.com\/www.grandchamp.org\/wp-content\/uploads\/2016\/02\/christianne-visage-maternel-de-Dieu-400.jpg?fit=400%2C284&ssl=1","width":400,"height":284},{"@type":"BreadcrumbList","@id":"https:\/\/www.grandchamp.org\/nl\/project\/le-visage-maternel-de-dieu\/#breadcrumb","itemListElement":[{"@type":"ListItem","position":1,"name":"Home","item":"https:\/\/www.grandchamp.org\/"},{"@type":"ListItem","position":2,"name":"Projets","item":"https:\/\/www.grandchamp.org\/project\/"},{"@type":"ListItem","position":3,"name":"Christianne M\u00e9roz\u00a0: Le visage maternel de Dieu"}]},{"@type":"WebSite","@id":"https:\/\/www.grandchamp.org\/#website","url":"https:\/\/www.grandchamp.org\/","name":"Communaut\u00e9 de Grandchamp","description":"Site de la Communaut\u00e9 de Grandchamp \u00e0 Areuse, Suisse","publisher":{"@id":"https:\/\/www.grandchamp.org\/#organization"},"potentialAction":[{"@type":"SearchAction","target":{"@type":"EntryPoint","urlTemplate":"https:\/\/www.grandchamp.org\/?s={search_term_string}"},"query-input":{"@type":"PropertyValueSpecification","valueRequired":true,"valueName":"search_term_string"}}],"inLanguage":"nl-NL"},{"@type":"Organization","@id":"https:\/\/www.grandchamp.org\/#organization","name":"Communaut\u00e9 de Grandchamp","url":"https:\/\/www.grandchamp.org\/","logo":{"@type":"ImageObject","inLanguage":"nl-NL","@id":"https:\/\/www.grandchamp.org\/#\/schema\/logo\/image\/","url":"https:\/\/i0.wp.com\/www.grandchamp.org\/wp-content\/uploads\/2015\/12\/Communaute\u0301_Grandchamp_logodef_QUADRI.jpg?fit=2105%2C1152&ssl=1","contentUrl":"https:\/\/i0.wp.com\/www.grandchamp.org\/wp-content\/uploads\/2015\/12\/Communaute\u0301_Grandchamp_logodef_QUADRI.jpg?fit=2105%2C1152&ssl=1","width":2105,"height":1152,"caption":"Communaut\u00e9 de Grandchamp"},"image":{"@id":"https:\/\/www.grandchamp.org\/#\/schema\/logo\/image\/"},"sameAs":["https:\/\/www.facebook.com\/communautedegrandchamp\/"]}]}},"jetpack_sharing_enabled":true,"_links":{"self":[{"href":"https:\/\/www.grandchamp.org\/nl\/wp-json\/wp\/v2\/project\/2533","targetHints":{"allow":["GET"]}}],"collection":[{"href":"https:\/\/www.grandchamp.org\/nl\/wp-json\/wp\/v2\/project"}],"about":[{"href":"https:\/\/www.grandchamp.org\/nl\/wp-json\/wp\/v2\/types\/project"}],"author":[{"embeddable":true,"href":"https:\/\/www.grandchamp.org\/nl\/wp-json\/wp\/v2\/users\/1"}],"replies":[{"embeddable":true,"href":"https:\/\/www.grandchamp.org\/nl\/wp-json\/wp\/v2\/comments?post=2533"}],"version-history":[{"count":1,"href":"https:\/\/www.grandchamp.org\/nl\/wp-json\/wp\/v2\/project\/2533\/revisions"}],"predecessor-version":[{"id":3770,"href":"https:\/\/www.grandchamp.org\/nl\/wp-json\/wp\/v2\/project\/2533\/revisions\/3770"}],"wp:featuredmedia":[{"embeddable":true,"href":"https:\/\/www.grandchamp.org\/nl\/wp-json\/wp\/v2\/media\/3147"}],"wp:attachment":[{"href":"https:\/\/www.grandchamp.org\/nl\/wp-json\/wp\/v2\/media?parent=2533"}],"wp:term":[{"taxonomy":"project_category","embeddable":true,"href":"https:\/\/www.grandchamp.org\/nl\/wp-json\/wp\/v2\/project_category?post=2533"},{"taxonomy":"project_tag","embeddable":true,"href":"https:\/\/www.grandchamp.org\/nl\/wp-json\/wp\/v2\/project_tag?post=2533"}],"curies":[{"name":"wp","href":"https:\/\/api.w.org\/{rel}","templated":true}]}}